{"id":16,"date":"2015-11-18T22:39:17","date_gmt":"2015-11-18T21:39:17","guid":{"rendered":"http:\/\/agatakus.pl\/?page_id=16"},"modified":"2025-09-14T20:03:38","modified_gmt":"2025-09-14T18:03:38","slug":"bio","status":"publish","type":"page","link":"https:\/\/agatakus.pl\/?page_id=16","title":{"rendered":"bio"},"content":{"rendered":"\n<ul class=\"wp-block-social-links is-layout-flex wp-block-social-links-is-layout-flex\">\n\n\n\n<li class=\"wp-social-link wp-social-link-instagram  wp-block-social-link\"><a href=\"https:\/\/www.instagram.com\/kus_agata\/\" class=\"wp-block-social-link-anchor\"><svg width=\"24\" height=\"24\" viewBox=\"0 0 24 24\" version=\"1.1\" xmlns=\"http:\/\/www.w3.org\/2000\/svg\" aria-hidden=\"true\" focusable=\"false\"><path d=\"M12,4.622c2.403,0,2.688,0.009,3.637,0.052c0.877,0.04,1.354,0.187,1.671,0.31c0.42,0.163,0.72,0.358,1.035,0.673 c0.315,0.315,0.51,0.615,0.673,1.035c0.123,0.317,0.27,0.794,0.31,1.671c0.043,0.949,0.052,1.234,0.052,3.637 s-0.009,2.688-0.052,3.637c-0.04,0.877-0.187,1.354-0.31,1.671c-0.163,0.42-0.358,0.72-0.673,1.035 c-0.315,0.315-0.615,0.51-1.035,0.673c-0.317,0.123-0.794,0.27-1.671,0.31c-0.949,0.043-1.233,0.052-3.637,0.052 s-2.688-0.009-3.637-0.052c-0.877-0.04-1.354-0.187-1.671-0.31c-0.42-0.163-0.72-0.358-1.035-0.673 c-0.315-0.315-0.51-0.615-0.673-1.035c-0.123-0.317-0.27-0.794-0.31-1.671C4.631,14.688,4.622,14.403,4.622,12 s0.009-2.688,0.052-3.637c0.04-0.877,0.187-1.354,0.31-1.671c0.163-0.42,0.358-0.72,0.673-1.035 c0.315-0.315,0.615-0.51,1.035-0.673c0.317-0.123,0.794-0.27,1.671-0.31C9.312,4.631,9.597,4.622,12,4.622 M12,3 C9.556,3,9.249,3.01,8.289,3.054C7.331,3.098,6.677,3.25,6.105,3.472C5.513,3.702,5.011,4.01,4.511,4.511 c-0.5,0.5-0.808,1.002-1.038,1.594C3.25,6.677,3.098,7.331,3.054,8.289C3.01,9.249,3,9.556,3,12c0,2.444,0.01,2.751,0.054,3.711 c0.044,0.958,0.196,1.612,0.418,2.185c0.23,0.592,0.538,1.094,1.038,1.594c0.5,0.5,1.002,0.808,1.594,1.038 c0.572,0.222,1.227,0.375,2.185,0.418C9.249,20.99,9.556,21,12,21s2.751-0.01,3.711-0.054c0.958-0.044,1.612-0.196,2.185-0.418 c0.592-0.23,1.094-0.538,1.594-1.038c0.5-0.5,0.808-1.002,1.038-1.594c0.222-0.572,0.375-1.227,0.418-2.185 C20.99,14.751,21,14.444,21,12s-0.01-2.751-0.054-3.711c-0.044-0.958-0.196-1.612-0.418-2.185c-0.23-0.592-0.538-1.094-1.038-1.594 c-0.5-0.5-1.002-0.808-1.594-1.038c-0.572-0.222-1.227-0.375-2.185-0.418C14.751,3.01,14.444,3,12,3L12,3z M12,7.378 c-2.552,0-4.622,2.069-4.622,4.622S9.448,16.622,12,16.622s4.622-2.069,4.622-4.622S14.552,7.378,12,7.378z M12,15 c-1.657,0-3-1.343-3-3s1.343-3,3-3s3,1.343,3,3S13.657,15,12,15z M16.804,6.116c-0.596,0-1.08,0.484-1.08,1.08 s0.484,1.08,1.08,1.08c0.596,0,1.08-0.484,1.08-1.08S17.401,6.116,16.804,6.116z\"><\/path><\/svg><span class=\"wp-block-social-link-label screen-reader-text\">Instagram<\/span><\/a><\/li>\n\n\n\n<\/ul>\n\n\n\n<p><span class=\"has-inline-color has-vivid-purple-color\">agatakusstudio@gmail.com<\/span><\/p>\n\n\n<p>\u00a0<\/p>\n<p>Agata Kus urodzi\u0142a si\u0119 w 1987 roku. Mieszka i pracuje w Krakowie. Jest absolwentk\u0105 i\u00a0doktorem Wydzia\u0142u Malarstwa Akademii Sztuk Pi\u0119knych w\u00a0Krakowie. Dyplom w\u00a0pracowni prof.\u00a0Leszka Misiaka obroni\u0142a w 2012.\u00a0Zajmuje si\u0119 g\u0142\u00f3wnie malarstwem, rysunkiem, ceramik\u0105 i video. Jest laureatk\u0105 wielu nagr\u00f3d i\u00a0stypendi\u00f3w, w tym zwyci\u0119\u017cczyni\u0105\u00a0Mi\u0119dzynarodowego Biennale Sztuki Medi\u00f3w WRO 2015\u00a0we Wroc\u0142awiu. W roku 2017 zosta\u0142a nominowana do Nagrody\u00a0\u201eSpojrzenia\u201d\u00a0Deutsche Banku i Zach\u0119ty.\u00a0 W roku 2011 i 2018 by\u0142a nominowana do stypendium szwajcarskiej Fundacji Vordemberge-Gildeward<\/p>\n<p>W 2021 zdoby\u0142a pierwsze miejsce w rankingu Kompas M\u0142odej Sztuki publikowanego na \u0142amach Rzeczpospolitej.<\/p>\n<p>Wsp\u00f3\u0142pracowa\u0142a z wieloma instytucjami i galeriami w Polsce, Austrii i Pary\u017cu. Jej obrazy znajduj\u0105 si\u0119 m. in. w kolekcji Muzeum Sztuki Wsp\u00f3\u0142czesnej MOCAK w Krakowie, Muzeum Narodowym w Gda\u0144sku, Galerii Bunkier Sztuki, Kolekcji mBanku oraz w licznych kolekcjach prywatnych w Polsce i zagranic\u0105.<\/p>\n<p>Agata Kus maluje g\u0142\u00f3wnie ludzi, wpisuj\u0105c si\u0119 w obserwowany w ostatnich latach triumfalny powr\u00f3t do klasycznego rodzaju figuratywno\u015bci. Charakterystyczna dla jej malarstwa r\u00f3wnoczesna wielo\u015b\u0107 narracji, spojona w jedn\u0105 kompozycj\u0119, pozwala na wielow\u0105tkowe czytanie obrazu: poszczeg\u00f3lnego tematu lub syntezy ich wszystkich, uk\u0142adaj\u0105cych si\u0119 w nowe znaczenia. Nieoczywisto\u015b\u0107 i dwuznaczno\u015b\u0107 tych obraz\u00f3w otwiera wiele mo\u017cliwo\u015bci interpretacji oraz pod\u0105\u017cania za ich niezwykle fascynuj\u0105c\u0105 narracj\u0105. Artystka stosuje przy tym liczne gry formalne, jak malarskie kola\u017ce, pseudo-wycinanki, wklejki, zamazywania i destrukcje, sugeruj\u0105c zestawienie ze sob\u0105 wielu kompozycji o r\u00f3\u017cnej fakturze i technice.<\/p>\n<p>\u00a0<\/p>\n<p><span style=\"color: #9f7cc2;\">Agata Kus was born in 1987. She lives and works in Krakow, Poland. She graduated from Faculty of Painting at the Academy of Fine Arts in Krakow. She completed her diploma at the studio of Professor Leszek Misiak in 2012. She received her PhD in 2018. She works in painting, drawing, video and ceramic. She is a recipient of many awards and scholarships, including the Grand Prize at the International Media Art Biennale WRO 2015. In 2017, she was nominated for \u201cThe Views\u201d\u00a0 Deutsche Bank and Zach\u0119ta National Gallery of Art Award. In 2011 and 2018, she was shortlisted for the Vordemberge-Gildeward Award. <span class=\"Apple-converted-space\">\u00a0<\/span><\/span><\/p>\n<p><span style=\"color: #9f7cc2;\">In 2021, she won the first place in the ranking of young artists &#8222;Kompas M\u0142odej Sztuki&#8221;, published in the &#8222;Rzeczpospolita&#8221; newspaper.<span class=\"Apple-converted-space\">\u00a0<\/span><\/span><\/p>\n<p><span style=\"color: #9f7cc2;\">She cooperated with galleries and institutions in Poland, Austria and Paris. Her paintings are in the collection of the MOCAK Museum of Contemporary Art in Krakow, National Museum in Gda\u0144sk, Bunkier Sztuki Gallery in Krak\u00f3w, M Bank Collection and in many private collections in Poland and abroad.\u00a0<\/span><\/p>\n<p><span style=\"color: #9f7cc2;\"><span lang=\"en-GB\">Kus primarily paints people, consistently with the current triumphant return to this classic type of figurativeness. Her trademark use of multiple narratives within a single composition allows a multi-faceted reading of the painting as individual themes or a synthesis of them all, resulting in new meanings. The elusiveness and ambiguity of Kus\u2019s paintings offers many possibilities for interpreting and following their complex narratives. The artist uses a wide range of formal procedures such as pictorial collage, pseudo-cutouts, paste-ins, obliterations and destructions to suggest a juxtaposition of many differently textured and executed compositions<\/span><span lang=\"en-GB\"><b>.<\/b><\/span><\/span><\/p>\n<p>\u00a0<\/p>\n<p align=\"JUSTIFY\"><span style=\"color: #99ccff;\"><span lang=\"fr-FR\">Agata Kus (1987) est une dipl\u00f4m\u00e9e et doctorante de\u00a0la Facult\u00e9 de Peinture de l\u2019Acad\u00e9mie des Beaux Arts de Cracovie. Elle pratique la peinture, la vid\u00e9o et les performances. Elle a fait son dipl\u00f4me \u00e0 l\u2019atelier du professeur\u00a0Leszek Misiak (2012), et elle est assistante \u00e0 l\u2019atelier de Paulina <\/span><span style=\"font-family: 'Segoe UI', sans-serif;\"><span lang=\"fr-FR\">O\u0142owska (2010-2014). Laur\u00e9ate de nombreux prix et bourses, elle a remport\u00e9 notamment \u00e0 la Biennale internationale de l\u2019art des m\u00e9dias WRO 2015 de Wroc\u0142aw (grand prix pour l\u2019installation vid\u00e9o \u00e0 plusieurs \u00e9crans intitul\u00e9e \u00ab\u00a0Kochanka\u00a0\u00bb [La ma\u00eetresse]). Ses tableaux se trouvent entre autres dans le fonds du Mus\u00e9e de l\u2019Art contemporain de Cracovie, ainsi que dans de nombreuses collections priv\u00e9es en Pologne et \u00e0 l\u2019\u00e9tranger.<\/span><\/span><\/span><\/p>\n<p align=\"JUSTIFY\"><span style=\"color: #99ccff;\"><span lang=\"en-GB\">Agata Kus peint essentiellement les gens en s\u2019inscrivant ainsi dans le retour triomphal de la peinture figurative classique, dont nous sommes t\u00e9moins ces derni\u00e8res ann\u00e9es. La pluralit\u00e9 de narrations simultan\u00e9es, caract\u00e9ristique de sa peinture, r\u00e9unie en une seule composition, permet de lire en m\u00eame temps plusieurs motifs du tableau\u00a0; les diff\u00e9rents th\u00e8mes ou la synth\u00e8se de tous les th\u00e8mes g\u00e9n\u00e8rent des sens nouveaux. La non \u00e9vidence et l\u2019ambigu\u00eft\u00e9 de ces tableaux ouvrent beaucoup de possibilit\u00e9s d\u2019interpr\u00e9tation et permettent de suivre cette narration fascinante. L\u2019artiste recourt en m\u00eame temps \u00e0 des jeux formels tels que collage pictural, pseudo-d\u00e9coupage, technique mixte peinture collage, effa\u00e7age et destructions, en sugg\u00e9rant le recoupement de plusieurs compositions dont la facture et la technique sont diff\u00e9rentes.<\/span><\/span><\/p>\n<p>\u00a0<\/p>\n\n\n<figure class=\"wp-block-image size-large\"><img loading=\"lazy\" decoding=\"async\" width=\"1021\" height=\"1024\" src=\"https:\/\/agatakus.pl\/wp-content\/uploads\/2022\/09\/IMG_9175a-1021x1024.jpg\" alt=\"\" class=\"wp-image-2146\" srcset=\"https:\/\/agatakus.pl\/wp-content\/uploads\/2022\/09\/IMG_9175a-1021x1024.jpg 1021w, https:\/\/agatakus.pl\/wp-content\/uploads\/2022\/09\/IMG_9175a-300x300.jpg 300w, https:\/\/agatakus.pl\/wp-content\/uploads\/2022\/09\/IMG_9175a-400x400.jpg 400w, https:\/\/agatakus.pl\/wp-content\/uploads\/2022\/09\/IMG_9175a-1531x1536.jpg 1531w, https:\/\/agatakus.pl\/wp-content\/uploads\/2022\/09\/IMG_9175a-2042x2048.jpg 2042w\" sizes=\"auto, (max-width: 1021px) 100vw, 1021px\" \/><\/figure>\n\n\n\n<p class=\"has-vivid-purple-color has-text-color\"><strong>Selected solo exhibitions<\/strong><\/p>\n\n\n\n<p><\/p>\n\n\n\n<p>2024: First Time, MCSW Elektrownia, Radom<\/p>\n\n\n\n<p>Vanitas Vibes, BWA Krosno<\/p>\n\n\n\n<p>Wystawa Laureata Nagrody im. Kazimierza Ostrowskiego, Dom Liter, Gda\u0144sk<\/p>\n\n\n\n<p>2022:AGATA KUS: JERZY JAROCKI \u2013 UROCZYSTE ODS\u0141ONI\u0118CIE OBRAZU, Teatr Stary w Krakowie<\/p>\n\n\n\n<p>2021: LATER THAN YOU THINK Galerie des Krakauer Hauses, ART WEEKEND N\u00dcRNBERG<\/p>\n\n\n\n<p>2020:&nbsp; WARSAW GALLERY WEEKEND, Niebieskie s\u0142o\u0144ce, Galeria Wizytuj\u0105ca, Warsaw<\/p>\n\n\n\n<p>2019:&nbsp; AGATA KUS HORROR PICTURE SHOW, Bunkier Sztuki, Krakow<\/p>\n\n\n\n<p>2018: WARSAW GALLERY WEEKEND, Palny wod\u00f3r, Galeria Wizytuj\u0105ca, Warsaw<\/p>\n\n\n\n<p>&nbsp;<em>Peleas and Melisande, <\/em>The Polish National Opera, Warsaw<\/p>\n\n\n\n<p>2016: <em>Converter <\/em>(a painting-and-music project with<em> <\/em>Micha\u0142 Dymny), Miejsce Projekt\u00f3w Zach\u0119ty, Zach\u0119ta National Gallery of Art Warsaw<\/p>\n\n\n\n<p><em>2016: Mademoiselle<\/em>, Ma\u00eblle Galerie, Paris<\/p>\n\n\n\n<p>2013: <em>Vorsicht Bissige H\u00fcndin<\/em>, Galerie Sandhofer, Salzburg<\/p>\n\n\n\n<p><em>2012: Es war einmal eine b\u00f6se W\u00f6lfin<\/em>, Galerie Sandhofer, Innsbruck<\/p>\n\n\n\n<p><\/p>\n\n\n\n<p class=\"has-vivid-purple-color has-text-color\"><strong>Selected group exhibitions<\/strong><\/p>\n\n\n\n<p><\/p>\n\n\n\n<p><\/p>\n\n\n\n<p><\/p>\n\n\n\n<p><\/p>\n\n\n\n<p><\/p>\n\n\n\n<p>2025<\/p>\n\n\n\n<p>Chaos i bezruch &#8211; BWA Ostrowiec \u015awi\u0119tokrzyski<\/p>\n\n\n\n<p>Nie ma si\u0119 czego ba\u0107, Krupa Art Fundation na IMPACT 2025<\/p>\n\n\n\n<p>Nostalgia. Poszukiwacze gasn\u0105cych gwiazd, Muzeum Sztuki Wsp\u00f3\u0142czesnej MOCAK w Krakowie<\/p>\n\n\n\n<p>Y- arty\u015bci wobec Franciszka Starowieyskiego, Pa\u0142ac Sztuki, Krak\u00f3w Art Week<\/p>\n\n\n\n<p>Nowe Pokolenie. Kolekcja Wojciecha Fibaka, MCSW Elektrownia, Radom<\/p>\n\n\n\n<p><br>Bujno\u015b\u0107. Sztuka kobiet w XXI wieku, Narodowe Muzeum Sztuki Mo\u0142dawii, Kiszyni\u00f3w<\/p>\n\n\n\n<p>2024<\/p>\n\n\n\n<p><em>*Nowe pokolenie i klasycy z kolekcji Wojciecha Fibaka<\/em>, CSW w Toruniu<\/p>\n\n\n\n<p><em>*Polacy nadal Maluj\u0105. Obrazy z Kolekcji MOCAK-u<\/em>, Litewskie Narodowe Muzeum Sztuki, Wilno<\/p>\n\n\n\n<p>2023<\/p>\n\n\n\n<p><em>*Kus + Libera<\/em>, Thomas Erben Gallery, Nowy Jork<\/p>\n\n\n\n<p><em>*Malarstwo \u2013 z\u0142ote medium sztuki. Kolekcja MOCAK-u<\/em>, Muzeum Sztuki Wsp\u00f3\u0142czesnej MOCAK, Krak\u00f3w<\/p>\n\n\n\n<p><em>*Refugees Welcome 2023<\/em>, 7. Charytatywna Aukcja Sztuki, MSN, Warszawa<\/p>\n\n\n\n<p><em>*Je\u017celi chcemy, by wszystko pozosta\u0142o tak jak jest, wszystko musi si\u0119 zmieni\u0107<\/em>, Krupa Art Fundation, Kolekcja Sylwi i Piotra Krup\u00f3w, Galeria Sztuki, Wroc\u0142aw<\/p>\n\n\n\n<p><em>Sport Games<\/em>, MCSW Elektrownia, Radom<\/p>\n\n\n\n<p><em>Powr\u00f3t do ceramiki<\/em>, Muzeum Sztuki Wsp\u00f3\u0142czesnej MOCAK, Krak\u00f3w<\/p>\n\n\n\n<p>2022 <\/p>\n\n\n\n<p>Sezon w piekle, BWA Bielsko-Bia\u0142a<\/p>\n\n\n\n<p>WOMAN ART POWER,&nbsp; MCSW Elektrownia, Radom<\/p>\n\n\n\n<p>Siedem etap\u00f3w \u017cycia kobiety.Malarstwo polskich artystek, MGS, Galeria Willa, \u0141\u00f3d\u017a<\/p>\n\n\n\n<p>Top Charity, Pa\u0142ac w Wilanowie, Warszawa<\/p>\n\n\n\n<p>Tatua\u017c. Symbol, pi\u0119tno, pi\u0119kno, Muzeum Etnograficzne w Toruniu<\/p>\n\n\n\n<p>Ja, kot,&nbsp; Muzeum Sztuki i Techniki Japo\u0144skiej Manggha,&nbsp; Krak\u00f3w<\/p>\n\n\n\n<p>Bli\u017aniego swego jak siebie samego \/ Your Neighbor As Yourself,\u00a0 Pola Magnetyczne Warszawa<\/p>\n\n\n\n<p>Wystawa Lider\u00f3w Kompasu M\u0142odej Sztuki, Muzeum Boles\u0142awa Biegasa, Warszawa<\/p>\n\n\n\n<p>Niespokojne Dusze, Pa\u0142ac Ogi\u0144skich i Potulickich w Krakowie, Open Yes Festiwal, Krak\u00f3w<\/p>\n\n\n\n<p>Bli\u017aniego swego jak siebie samego \/ Your Neighbor As Yourself \u2013 Pola Magnetyczne, Warszawa<\/p>\n\n\n\n<p>Aukcja charytatywna na rzecz uchod\u017ac\u00f3w z Ukrainy \u2013 DESA Unicum<\/p>\n\n\n\n<p>KOLEKCJONERZY DLA MUZEUM. WYSTAWA I AUKCJA CHARYTATYWNA NA RZECZ STOWARZYSZENIA PRZYJACIELE MUZEUM NARODOWEGO W WARSZAWIE<\/p>\n\n\n\n<p><\/p>\n\n\n\n<p>2021<\/p>\n\n\n\n<p>Agata Kus, Alex Urban. Duszyczki, Shefter Gallery, Krak\u00f3w<\/p>\n\n\n\n<p>\u201em jak m\u0142odo\u015b\u0107\u201d wystawa z kolekcji mBanku, PGS, Sopot<\/p>\n\n\n\n<p>Pod p\u0142aszczykiem emocji, Galeria Szara Kamienica, Krak\u00f3w<\/p>\n\n\n\n<p>Feminizm. Sztuka kobiet,&nbsp; DESA Unicum, Warsaw<\/p>\n\n\n\n<p>Images from the Realm of Uncertain Identities, Glassyard Gallery, Budapest<\/p>\n\n\n\n<p>Refugees Welcome 2021, MSN Warsaw<\/p>\n\n\n\n<p>Art Feeds Art,&nbsp;<strong> <\/strong>MOCAK The Museum of Contemporary Art in Krakow<\/p>\n\n\n\n<p>Del\u2019Arte Collection, BWA Tarn\u00f3w, Boles\u0142aw Biegas Museum in Warsaw<\/p>\n\n\n\n<p>2020<\/p>\n\n\n\n<p>LOVE, Shefter Gallery, Krak\u00f3w<\/p>\n\n\n\n<p>Contemporary Models of Realism, <strong>,&nbsp; <\/strong>MOCAK The Museum of Contemporary Art in Krakow&nbsp;<\/p>\n\n\n\n<p>2019<\/p>\n\n\n\n<p>PAINT MEANS BLOOD, Museum of Modern Art in Warsaw<\/p>\n\n\n\n<p>FIRST WORLD PROBLEMS, Stefana Gierowski Fundation in Warsaw<\/p>\n\n\n\n<p>New Look,&nbsp; National Museum in Gdansk<\/p>\n\n\n\n<p>FIRST WORLD PROBLEMS II,&nbsp; Rondo Sztuki, Katowice<\/p>\n\n\n\n<p>Young Plish Painting, National Museum in Gdansk<\/p>\n\n\n\n<p>Nature in Art,&nbsp; MOCAK The Museum of Contemporary Art in Krakow&nbsp;<\/p>\n\n\n\n<p>2018<\/p>\n\n\n\n<p>YOUNG POLISH ARTISTS Award of the Vordemberge-Gildewart Foundation, MOCAK The Museum of Contemporary Art in Krakow&nbsp;<\/p>\n\n\n\n<p>Przemiany, Art Agenda Nova, Krakers, Krak\u00f3w<\/p>\n\n\n\n<p>Z KOLAN. POLSKA TO MARZENIE, Galeria Olimpia, Krak\u00f3w<\/p>\n\n\n\n<p>2017<\/p>\n\n\n\n<p>Views. Deutsche Bank and Zacheta National Gallery Award, Warszawa<\/p>\n\n\n\n<p>Kompas M\u0142odej sztuki, Olimpic Center, Warsaw<\/p>\n\n\n\n<p>Qui es tu lorsque personne ne te regarde?, Ma\u00eblle Galerie, Paris<\/p>\n\n\n\n<p><em>Cabinet Da \u2013 End 07<\/em>, Galerie Da End, Paris<\/p>\n\n\n\n<p>NO PROBLEM, Galeria Potencja, Krak\u00f3w<\/p>\n\n\n\n<p>XY \u2013 \u00dajgener\u00e1ci\u00f3s lengyel-magyar fest\u00e9szet, MODEM, Centre for Modern and Contemporary Arts, Debrecen, HU<\/p>\n\n\n\n<p>2016<\/p>\n\n\n\n<p>CUBE. Biennale of Polish-German Art in Krakow, Krakow<\/p>\n\n\n\n<p>PMS. Fresh Blood. Winners of the 1st-5th Edition.Wroclaw&nbsp; Contemporary Museum<\/p>\n\n\n\n<p>Second Skin, Gda\u0144sk City Gallery<\/p>\n\n\n\n<p><em>Art Paris Art Fair, <\/em>Ma\u00eblle<em> <\/em>Galerie, Grand Palais, Paris<\/p>\n\n\n\n<p><em>Artists from Krakow: Generation 1980-1990<\/em>, MOCAK Museum of Contemporary Art, Krakow<\/p>\n\n\n\n<p><em>Minimal and Medium<\/em>, WRO 2015 TEST EXPOSURE on Tour WRO Resume, Galeria Aula UAP, Pozna\u0144<\/p>\n\n\n\n<p><em>Women Painters , <\/em>Bia\u0142a<em> <\/em>Gallery, Cultural Centre ,<em> <\/em>Lublin<\/p>\n\n\n\n<p><em>42nd Painting Biennale Bielska Jesie\u0144, <\/em>BWA, Bielsko-Bia\u0142a<\/p>\n\n\n\n<p>2015<\/p>\n\n\n\n<p><em>WRO Resume<\/em>, WRO Art Centre, Wroc\u0142aw<\/p>\n\n\n\n<p><em>CORPS \u00c9TRANGER<\/em>, Ma\u00eblle Galerie, Paris<\/p>\n\n\n\n<p><em>WRO Media Art Biennale Test Exposure<\/em>, New Building of the University, Wroc\u0142aw<\/p>\n\n\n\n<p>2014<\/p>\n\n\n\n<p><em>From Dusk Till Dawn<\/em>, Zderzak Gallery, Krakow<\/p>\n\n\n\n<p><em>Description <\/em>WRO Art Centre, DH Renoma, Wroc\u0142aw<\/p>\n\n\n\n<p><em>Urban Picture, <\/em>Labirynt Gallery, Lublin<\/p>\n\n\n\n<p><em>7th Triennale of Young Artists)<\/em>, Centre for Polish<em> <\/em>Sculpture, Oro\u0144sko<\/p>\n\n\n\n<p><em>Blackbox<\/em>, Galerie Nasty Alice, Eindhoven<\/p>\n\n\n\n<p><em>Xtreme)<\/em>, InSpiracje Festival, Szczecin<\/p>\n\n\n\n<p><em>Habitat<\/em>, Galeria MS44, FAMA Festival, \u015awinouj\u015bcie<\/p>\n\n\n\n<p><em>Sex<\/em>, Galerie Nasty Alice, Eindhoven<\/p>\n\n\n\n<p><em>KunstRAI Editie 30<\/em>, Art Amsterdam<\/p>\n\n\n\n<p><em>It\u2019s Better Not to be Too Bright, <\/em>Zderzak Gallery,<em> <\/em>Krakow<\/p>\n\n\n\n<p>2013<\/p>\n\n\n\n<p>WRO on Tour:<\/p>\n\n\n\n<p>: KinoLab, Centre for Contemporary Art Ujazdowski Castle, Warsaw<\/p>\n\n\n\n<p>Aarhus Film Festival, Aarhus<\/p>\n\n\n\n<p>Lucania Film Festival, Pisticci<\/p>\n\n\n\n<p>Muzaplus, Tel Aviv<\/p>\n\n\n\n<p>ArtNastup Festival, Lviv<\/p>\n\n\n\n<p>KinoLab, Centre for Contemporary Art Ujazdowski Castle, Warsaw<\/p>\n\n\n\n<p><em>3rd Exhibition of Young Art \u2018Fresh Blood\u2019 <\/em>Socato Gallery, Wroc\u0142aw<\/p>\n\n\n\n<p><em>DDessin<\/em>, Atelier Richelieu, Paris<\/p>\n\n\n\n<p><em>9th Triennial of Small Forms of Paintings, <\/em>Wozownia Art Gallery (Galeria Sztuki Wozownia), Toru\u0144<\/p>\n\n\n\n<p><em>I Wish You A New Brave World<\/em>, Festiwal FAMA, \u015awinouj\u015bcie<\/p>\n\n\n\n<p><em>The Rings of Saturn<\/em>, Ballestrem Palace, WRO 15th Media Art Biennale Pioneering Values, Wroc\u0142aw<\/p>\n\n\n\n<p><em>5th International Drawing Competition<\/em>, Museum of Architecture, Wroc\u0142aw<\/p>\n\n\n\n<p>2012<\/p>\n\n\n\n<p><em>Best Diploma Works 2012 <\/em>Palace of Fine Arts, Krakow<\/p>\n\n\n\n<p><em>Return of the Textile<\/em>, Central Museum of Textiles, \u0141\u00f3d\u017a<\/p>\n\n\n\n<p><em>NO LOGO<\/em>, Zderzak Gallery, Krakow<\/p>\n\n\n\n<p><em>Die Mannschaft. 11 K\u00fcnstler aus Krakau in wechselnden Positionen<\/em>, Krakauer Haus, N\u00fcrnberg<\/p>\n\n\n\n<p>2011<\/p>\n\n\n\n<p><em>Ice Cream Queens<\/em>, Zderzak Gallery, Krakow<\/p>\n\n\n\n<p><em>Vordemberge-Gildewart Foundation Award,&nbsp; <\/em>MOCAK Museum of Contemporary Art, Krakow<\/p>\n\n\n\n<p><em>FID 2011 \u2013 International Drawing Fair, <\/em>Cit\u00e9 Internationale des Arts, Paris<\/p>\n\n\n\n<p><em>Hestia Artistic Journey \u2013 Finalists\u2019 Exhibition<\/em>, State<em> <\/em>Art Gallery, Sopot<\/p>\n\n\n\n<p><em>On Strange Feelings, <\/em>Zderzak Gallery, Krakow<\/p>\n\n\n\n<figure class=\"wp-block-image size-large\"><img loading=\"lazy\" decoding=\"async\" width=\"994\" height=\"745\" src=\"https:\/\/agatakus.pl\/wp-content\/uploads\/2022\/09\/22426613_1653368714687767_4131972902436011113_o.jpg\" alt=\"\" class=\"wp-image-2139\" srcset=\"https:\/\/agatakus.pl\/wp-content\/uploads\/2022\/09\/22426613_1653368714687767_4131972902436011113_o.jpg 994w, https:\/\/agatakus.pl\/wp-content\/uploads\/2022\/09\/22426613_1653368714687767_4131972902436011113_o-300x225.jpg 300w\" sizes=\"auto, (max-width: 994px) 100vw, 994px\" \/><figcaption>Spojrzenia 2017, Zach\u0119ta Narodowa Galeria Sztuki<\/figcaption><\/figure>\n\n\n\n<p><\/p>\n\n\n\n<p><\/p>\n\n\n\n<p><\/p>\n\n\n\n<p class=\"has-vivid-purple-color has-text-color\"><strong>Awards, scholarships:<\/strong><\/p>\n\n\n\n<ul class=\"wp-block-list\"><li>1 miejsce w Kompasie M\u0142odej Sztuki, Ranking Rzeczpospolitej, 2021<\/li><li>Jury preselection, Strabag Artaward, Wienna, 2021<\/li><li>Nominacja do nagrody Fundacji Vordemberge-Gildewart, MOCAK Krak\u00f3w, 2018<\/li><li>Nominacja do nagrody Spojrzenia, Deutsche Bank i Zach\u0119ta \u2013 Narodowa Galeria Sztuki, 2017<\/li><li>9 miejsce i Nagroda w Kompasie M\u0142odej Sztuki, Ranking Rzeczpospolitej, 2017<\/li><li>Nagroda G\u0142\u00f3wna WRO 2015, Wro Media Art Biennale test Exposure, 2015<\/li><li>Tr\u00f3jz\u0105b Neptuna za najlepsze wydarzenie artystyczne festiwalu FAMA dla autor\u00f3w wystawy \u201eHabitat\u201d, 2014<\/li><li>Nagroda Miejskiego O\u015brodka sztuki w Konkursie Nowy Obraz, Pozna\u0144 2014<\/li><li>Grand Prix III Przegl\u0105du Sztuki M\u0142odych \u015awie\u017ca Krew, Wroc\u0142aw 2013<\/li><li>II Nagroda w Og\u00f3lnoposkim Konkursie Malarskim \u2013 Malarstwo j\u0119zykiem uniwersalnym, Warszawa 2013<\/li><li>Finalistka II Internetowe Biennale M\u0142odej Polskiej Sztuki Dyplom- Pocz\u0105tek Drogi, Krak\u00f3w, 2013<\/li><li>Laureatka Festiwalu Fama w kategorii Sztuki Wizualne, \u015awinouj\u015bcie 2013<\/li><li>Finalistka konkursu malarskiego Perfekcjoni\u015bci Modessque, Warszawa, 2013Laureatka Stypendium Ministra Kultury i Dziedzictwa Narodowego, 2011<\/li><li>Laureatka Stypendium tw\u00f3rczego im. Jana Matejki w dyscyplinie sztuki pi\u0119kne, 2011<\/li><li>Laureatka Stypendium Ma\u0142opolskiej Fundacji Stypendialnej Sapere Auso, 2011<\/li><li>Wyr\u00f3\u017cnienie honorowe za osi\u0105gni\u0119cia artystyczne na festiwalu FAMA, \u015awinouj\u015bcie, 2011<\/li><li>Wyr\u00f3\u017cnienie w konkursie \u201eNa dzie\u0142o\u201d, ASP Krak\u00f3w, 2011<\/li><li>Fina\u0142 konkursu \u201eArtystyczna Podr\u00f3\u017c Hestii\u201d, Sopot, 2011<\/li><li>Fina\u0142 konkursu stypendialnego Fundacji Vordemberge-Gildewart, MOCAK Krak\u00f3w, 2011<\/li><li>Fina\u0142 konkursu rekrutacyjnego i udzia\u0142 w Mi\u0119dzynarodowych Targach rysunku FID, Cit\u00e9<\/li><li>Internationale des Arts, Pary\u017c, 2011<\/li><li>Wyr\u00f3\u017cnienie w I Edycji Og\u00f3lnopolskich Konfrontacji Uczelni Artystycznych, Radom, 2011<\/li><li>Nagroda Prezydenta Miasta Radom za osi\u0105gni\u0119cia artystyczne w wystawie \u201eRytmy i rytua\u0142y\u201d, 2011<\/li><\/ul>\n\n\n\n<p><\/p>\n\n\n\n<p><\/p>\n\n\n\n<figure class=\"wp-block-image size-large\"><img loading=\"lazy\" decoding=\"async\" width=\"683\" height=\"1024\" src=\"https:\/\/agatakus.pl\/wp-content\/uploads\/2022\/09\/IMG_9189-683x1024.jpg\" alt=\"\" class=\"wp-image-2148\" srcset=\"https:\/\/agatakus.pl\/wp-content\/uploads\/2022\/09\/IMG_9189-683x1024.jpg 683w, https:\/\/agatakus.pl\/wp-content\/uploads\/2022\/09\/IMG_9189-200x300.jpg 200w, https:\/\/agatakus.pl\/wp-content\/uploads\/2022\/09\/IMG_9189-1024x1536.jpg 1024w, https:\/\/agatakus.pl\/wp-content\/uploads\/2022\/09\/IMG_9189-1365x2048.jpg 1365w, https:\/\/agatakus.pl\/wp-content\/uploads\/2022\/09\/IMG_9189-scaled.jpg 1707w\" sizes=\"auto, (max-width: 683px) 100vw, 683px\" \/><\/figure>\n\n\n\n<div class=\"wp-block-media-text alignwide is-stacked-on-mobile\"><figure class=\"wp-block-media-text__media\"><img loading=\"lazy\" decoding=\"async\" width=\"1024\" height=\"683\" src=\"https:\/\/agatakus.pl\/wp-content\/uploads\/2022\/09\/laszek_kus_bunkier-1024x683.jpg\" alt=\"\" class=\"wp-image-2129\" srcset=\"https:\/\/agatakus.pl\/wp-content\/uploads\/2022\/09\/laszek_kus_bunkier-1024x683.jpg 1024w, https:\/\/agatakus.pl\/wp-content\/uploads\/2022\/09\/laszek_kus_bunkier-300x200.jpg 300w, https:\/\/agatakus.pl\/wp-content\/uploads\/2022\/09\/laszek_kus_bunkier-1536x1024.jpg 1536w, https:\/\/agatakus.pl\/wp-content\/uploads\/2022\/09\/laszek_kus_bunkier.jpg 2048w\" sizes=\"auto, (max-width: 1024px) 100vw, 1024px\" \/><\/figure><div class=\"wp-block-media-text__content\">\n<p>W pracach Agaty Kus odnajdujemy du\u017co cierpienia zwi\u0105zanego z kobieco\u015bci\u0105. Wchodzenie w dojrza\u0142o\u015b\u0107, inicjacja, macierzy\u0144stwo zostawiaj\u0105 \u015blady w postaci ran i krwi, ale rany te staj\u0105 si\u0119 te\u017c \u017ar\u00f3d\u0142em, z kt\u00f3rego wysypuj\u0105 si\u0119 skarby i drogie kamienie. \u017be\u0144sko\u015b\u0107 i zwi\u0105zana z ni\u0105 biologia przywodz\u0105 na my\u015bl zwierz\u0119cy instynkt, si\u0142\u0119 nap\u0119dow\u0105 prokreacji, odwieczny nakaz, kt\u00f3remu ulegaj\u0105 wszyscy przedstawiciele \u017cywego \u015bwiata. Artystka zestawia wyobra\u017cenie kobiety czy dziewczynki z wizerunkiem przedstawicielek \u015bwiata zwierz\u0119cego: kotki, suki, lisicy, sarny. Wywo\u0142uje tym samym niezwyk\u0142e napi\u0119cie, kt\u00f3re towarzyszy nam zar\u00f3wno podczas ogl\u0105dania jej obraz\u00f3w, jak i wideo (hipnotyzuj\u0105cy film \u201eMatka\u201d prezentowany m.in. na wystawie \u201ePier\u015bcienie Saturna\u201d w dawnym Pa\u0142acu Ballestrem\u00f3w podczas WRO 15th Media Art Biennale). Dojrzewanie i wchodzenie w doros\u0142o\u015b\u0107 to okres kilku, czasem kilkunastu lat podczas kt\u00f3rego dziewczynka przeobra\u017ca si\u0119 w kobiet\u0119. Proces ten wi\u0105\u017ce si\u0119 nie tylko z rado\u015bci\u0105 i dum\u0105, ale te\u017c l\u0119kiem, obaw\u0105, niepokojem. To czas pierwszych mi\u0142o\u015bci, z\u0142amanych serc, fascynacji nowymi mo\u017cliwo\u015bciami, nowymi rolami. Artystka wyra\u017ca wszystkie te uczucia w bardzo interesuj\u0105cej formie, gdzie mroczno\u015b\u0107 miesza si\u0119 z pi\u0119knem. Nieobca jest te\u017c jej spora doza poczucia humoru, kt\u00f3rym prze\u0142amuje przejmuj\u0105ce nieraz komunikaty. Jednym z symboli macierzy\u0144stwa jest \u201eWilczyca kapitoli\u0144ska\u201d, przyjmuj\u0105ca posta\u0107 zar\u00f3wno czu\u0142ej, karmi\u0105cej matki, jak i potwora zjadaj\u0105cego swoje m\u0142ode. Tak\u017ce suka, jako figura negatywna, okre\u015blenie ch\u0119tnie stosowane przez m\u0119\u017cczyzn dla wyra\u017cenia swojej dezaprobaty wobec kobiety czy pewnych jej zachowa\u0144, u artystki przyjmuje form\u0119 dos\u0142own\u0105, w szokuj\u0105cych nieraz zestawieniach.<\/p>\n\n\n\n<p>W dorobku Agata Kus dominuj\u0105 obrazy olejne, kt\u00f3r\u0105 to technik\u0105 artystka pos\u0142uguje si\u0119 mistrzowsko. Wystarczy popatrze\u0107 na materi\u0119 futra, kt\u00f3r\u0105 osi\u0105ga czysto malarskimi \u015brodkami. Artystka r\u00f3wnie sprawnie pos\u0142uguje si\u0119 rysunkiem (zachwycaj\u0105ce s\u0105 jej koronki rysowane na tkaninie lub kalce, \u0142\u0105czone czasem z prawdziw\u0105 koronkow\u0105 bordiur\u0105), a tak\u017ce buduje instalacje i tworzy wideo.<\/p>\n\n\n\n<p class=\"has-text-color\" style=\"color:#5c9645\"><em>Agata Smalcerz (Dyrektor BWA Bielsko Bia\u0142a)<\/em><\/p>\n<\/div><\/div>\n","protected":false},"excerpt":{"rendered":"<p>agatakusstudio@gmail.com \u00a0 Agata Kus urodzi\u0142a si\u0119 w 1987 roku. Mieszka i pracuje w Krakowie. Jest absolwentk\u0105&hellip;<\/p>\n","protected":false},"author":1,"featured_media":2125,"parent":0,"menu_order":0,"comment_status":"closed","ping_status":"closed","template":"","meta":{"footnotes":""},"class_list":["post-16","page","type-page","status-publish","has-post-thumbnail","hentry"],"_links":{"self":[{"href":"https:\/\/agatakus.pl\/index.php?rest_route=\/wp\/v2\/pages\/16","targetHints":{"allow":["GET"]}}],"collection":[{"href":"https:\/\/agatakus.pl\/index.php?rest_route=\/wp\/v2\/pages"}],"about":[{"href":"https:\/\/agatakus.pl\/index.php?rest_route=\/wp\/v2\/types\/page"}],"author":[{"embeddable":true,"href":"https:\/\/agatakus.pl\/index.php?rest_route=\/wp\/v2\/users\/1"}],"replies":[{"embeddable":true,"href":"https:\/\/agatakus.pl\/index.php?rest_route=%2Fwp%2Fv2%2Fcomments&post=16"}],"version-history":[{"count":31,"href":"https:\/\/agatakus.pl\/index.php?rest_route=\/wp\/v2\/pages\/16\/revisions"}],"predecessor-version":[{"id":2378,"href":"https:\/\/agatakus.pl\/index.php?rest_route=\/wp\/v2\/pages\/16\/revisions\/2378"}],"wp:featuredmedia":[{"embeddable":true,"href":"https:\/\/agatakus.pl\/index.php?rest_route=\/wp\/v2\/media\/2125"}],"wp:attachment":[{"href":"https:\/\/agatakus.pl\/index.php?rest_route=%2Fwp%2Fv2%2Fmedia&parent=16"}],"curies":[{"name":"wp","href":"https:\/\/api.w.org\/{rel}","templated":true}]}}